{"version":"1.0","provider_name":"","provider_url":"https:\/\/continuamosmx.com","author_name":"Continuamos MX","author_url":"https:\/\/continuamosmx.com\/index.php\/author\/continuamos\/","title":"EL RINC\u00d3N DE LA REFLEXI\u00d3N. -","type":"rich","width":600,"height":338,"html":"<blockquote class=\"wp-embedded-content\" data-secret=\"HhhY8kFikE\"><a href=\"https:\/\/continuamosmx.com\/index.php\/2024\/11\/21\/el-rincon-de-la-reflexion-54\/\">EL RINC\u00d3N DE LA REFLEXI\u00d3N.<\/a><\/blockquote><iframe sandbox=\"allow-scripts\" security=\"restricted\" src=\"https:\/\/continuamosmx.com\/index.php\/2024\/11\/21\/el-rincon-de-la-reflexion-54\/embed\/#?secret=HhhY8kFikE\" width=\"600\" height=\"338\" title=\"\u00abEL RINC\u00d3N DE LA REFLEXI\u00d3N.\u00bb \u2014 \" data-secret=\"HhhY8kFikE\" frameborder=\"0\" marginwidth=\"0\" marginheight=\"0\" scrolling=\"no\" class=\"wp-embedded-content\"><\/iframe><script>\n\/*! This file is auto-generated *\/\n!function(d,l){\"use strict\";l.querySelector&&d.addEventListener&&\"undefined\"!=typeof URL&&(d.wp=d.wp||{},d.wp.receiveEmbedMessage||(d.wp.receiveEmbedMessage=function(e){var t=e.data;if((t||t.secret||t.message||t.value)&&!\/[^a-zA-Z0-9]\/.test(t.secret)){for(var s,r,n,a=l.querySelectorAll('iframe[data-secret=\"'+t.secret+'\"]'),o=l.querySelectorAll('blockquote[data-secret=\"'+t.secret+'\"]'),c=new RegExp(\"^https?:$\",\"i\"),i=0;i<o.length;i++)o[i].style.display=\"none\";for(i=0;i<a.length;i++)s=a[i],e.source===s.contentWindow&&(s.removeAttribute(\"style\"),\"height\"===t.message?(1e3<(r=parseInt(t.value,10))?r=1e3:~~r<200&&(r=200),s.height=r):\"link\"===t.message&&(r=new URL(s.getAttribute(\"src\")),n=new URL(t.value),c.test(n.protocol))&&n.host===r.host&&l.activeElement===s&&(d.top.location.href=t.value))}},d.addEventListener(\"message\",d.wp.receiveEmbedMessage,!1),l.addEventListener(\"DOMContentLoaded\",function(){for(var e,t,s=l.querySelectorAll(\"iframe.wp-embedded-content\"),r=0;r<s.length;r++)(t=(e=s[r]).getAttribute(\"data-secret\"))||(t=Math.random().toString(36).substring(2,12),e.src+=\"#?secret=\"+t,e.setAttribute(\"data-secret\",t)),e.contentWindow.postMessage({message:\"ready\",secret:t},\"*\")},!1)))}(window,document);\n\/\/# sourceURL=https:\/\/continuamosmx.com\/wp-includes\/js\/wp-embed.min.js\n<\/script>\n","thumbnail_url":"https:\/\/continuamosmx.com\/wp-content\/uploads\/2024\/11\/colum.jpg","thumbnail_width":1598,"thumbnail_height":720,"description":"La Formaci\u00f3n Pol\u00edtica Por; Alfredo Elizarraras Como es bien sabido, la herencia m\u00e1s grande que nos dej\u00f3 nuestro querido presidente AMLO, fue la formaci\u00f3n pol\u00edtica. La politizaci\u00f3n social, como ya nos qued\u00f3 claro, fue fundamental para que el segundo piso de la Cuarta Transformaci\u00f3n haya ganado en las elecciones pasadas. Sin embargo, la politizaci\u00f3n social [&hellip;]"}